{"id":4244,"date":"2023-09-21T14:29:21","date_gmt":"2023-09-21T14:29:21","guid":{"rendered":"https:\/\/totaltelas.com.br\/preguntas-mas-frecuentes\/"},"modified":"2024-01-11T14:01:48","modified_gmt":"2024-01-11T14:01:48","slug":"preguntas-mas-frecuentes","status":"publish","type":"page","link":"https:\/\/totaltelas.com.br\/es\/preguntas-mas-frecuentes\/","title":{"rendered":"Preguntas m\u00e1s frecuentes"},"content":{"rendered":"\t\t<div data-elementor-type=\"wp-page\" data-elementor-id=\"4244\" class=\"elementor elementor-4244 elementor-3470\" data-elementor-settings=\"{&quot;ha_cmc_init_switcher&quot;:&quot;no&quot;}\" data-elementor-post-type=\"page\">\n\t\t\t\t\t\t<section class=\"elementor-section elementor-top-section elementor-element elementor-element-bbc05a7 elementor-hidden-tablet elementor-hidden-mobile elementor-section-boxed elementor-section-height-default elementor-section-height-default\" data-id=\"bbc05a7\" data-element_type=\"section\" data-e-type=\"section\" data-settings=\"{&quot;background_background&quot;:&quot;classic&quot;,&quot;_ha_eqh_enable&quot;:false}\">\n\t\t\t\t\t\t\t<div class=\"elementor-background-overlay\"><\/div>\n\t\t\t\t\t\t\t<div class=\"elementor-container elementor-column-gap-default\">\n\t\t\t\t\t<div class=\"elementor-column elementor-col-50 elementor-top-column elementor-element elementor-element-fddeec0\" data-id=\"fddeec0\" data-element_type=\"column\" data-e-type=\"column\">\n\t\t\t<div class=\"elementor-widget-wrap elementor-element-populated\">\n\t\t\t\t\t\t<div class=\"elementor-element elementor-element-42e0f23 elementor-widget__width-auto elementor-widget elementor-widget-button\" data-id=\"42e0f23\" data-element_type=\"widget\" data-e-type=\"widget\" data-widget_type=\"button.default\">\n\t\t\t\t<div class=\"elementor-widget-container\">\n\t\t\t\t\t\t\t\t\t<div class=\"elementor-button-wrapper\">\n\t\t\t\t\t<a class=\"elementor-button elementor-button-link elementor-size-sm\" href=\"https:\/\/totaltelas.com.br\/es\/\">\n\t\t\t\t\t\t<span class=\"elementor-button-content-wrapper\">\n\t\t\t\t\t\t\t\t\t<span class=\"elementor-button-text\">Home<\/span>\n\t\t\t\t\t<\/span>\n\t\t\t\t\t<\/a>\n\t\t\t\t<\/div>\n\t\t\t\t\t\t\t\t<\/div>\n\t\t\t\t<\/div>\n\t\t\t\t<div class=\"elementor-element elementor-element-8a8b0ed elementor-widget elementor-widget-heading\" data-id=\"8a8b0ed\" data-element_type=\"widget\" data-e-type=\"widget\" data-widget_type=\"heading.default\">\n\t\t\t\t<div class=\"elementor-widget-container\">\n\t\t\t\t\t<h2 class=\"elementor-heading-title elementor-size-default\">FAQ<\/h2>\t\t\t\t<\/div>\n\t\t\t\t<\/div>\n\t\t\t\t\t<\/div>\n\t\t<\/div>\n\t\t\t\t<div class=\"elementor-column elementor-col-50 elementor-top-column elementor-element elementor-element-dcb77a2\" data-id=\"dcb77a2\" data-element_type=\"column\" data-e-type=\"column\">\n\t\t\t<div class=\"elementor-widget-wrap\">\n\t\t\t\t\t\t\t<\/div>\n\t\t<\/div>\n\t\t\t\t\t<\/div>\n\t\t<\/section>\n\t\t\t\t<section class=\"elementor-section elementor-top-section elementor-element elementor-element-6521a3c elementor-hidden-desktop elementor-section-boxed elementor-section-height-default elementor-section-height-default\" data-id=\"6521a3c\" data-element_type=\"section\" data-e-type=\"section\" data-settings=\"{&quot;background_background&quot;:&quot;classic&quot;,&quot;_ha_eqh_enable&quot;:false}\">\n\t\t\t\t\t\t\t<div class=\"elementor-background-overlay\"><\/div>\n\t\t\t\t\t\t\t<div class=\"elementor-container elementor-column-gap-default\">\n\t\t\t\t\t<div class=\"elementor-column elementor-col-50 elementor-top-column elementor-element elementor-element-1061185\" data-id=\"1061185\" data-element_type=\"column\" data-e-type=\"column\">\n\t\t\t<div class=\"elementor-widget-wrap elementor-element-populated\">\n\t\t\t\t\t\t<div class=\"elementor-element elementor-element-8b1a93f elementor-widget__width-auto elementor-widget elementor-widget-button\" data-id=\"8b1a93f\" data-element_type=\"widget\" data-e-type=\"widget\" data-widget_type=\"button.default\">\n\t\t\t\t<div class=\"elementor-widget-container\">\n\t\t\t\t\t\t\t\t\t<div class=\"elementor-button-wrapper\">\n\t\t\t\t\t<a class=\"elementor-button elementor-button-link elementor-size-sm\" href=\"https:\/\/totaltelas.com.br\/es\/\">\n\t\t\t\t\t\t<span class=\"elementor-button-content-wrapper\">\n\t\t\t\t\t\t\t\t\t<span class=\"elementor-button-text\">Home<\/span>\n\t\t\t\t\t<\/span>\n\t\t\t\t\t<\/a>\n\t\t\t\t<\/div>\n\t\t\t\t\t\t\t\t<\/div>\n\t\t\t\t<\/div>\n\t\t\t\t<div class=\"elementor-element elementor-element-7ca36dc elementor-widget elementor-widget-heading\" data-id=\"7ca36dc\" data-element_type=\"widget\" data-e-type=\"widget\" data-widget_type=\"heading.default\">\n\t\t\t\t<div class=\"elementor-widget-container\">\n\t\t\t\t\t<h2 class=\"elementor-heading-title elementor-size-default\">faq<\/h2>\t\t\t\t<\/div>\n\t\t\t\t<\/div>\n\t\t\t\t\t<\/div>\n\t\t<\/div>\n\t\t\t\t<div class=\"elementor-column elementor-col-50 elementor-top-column elementor-element elementor-element-552a6d4\" data-id=\"552a6d4\" data-element_type=\"column\" data-e-type=\"column\">\n\t\t\t<div class=\"elementor-widget-wrap\">\n\t\t\t\t\t\t\t<\/div>\n\t\t<\/div>\n\t\t\t\t\t<\/div>\n\t\t<\/section>\n\t\t\t\t<section class=\"elementor-section elementor-top-section elementor-element elementor-element-25d0620 elementor-hidden-tablet elementor-hidden-mobile elementor-section-boxed elementor-section-height-default elementor-section-height-default\" data-id=\"25d0620\" data-element_type=\"section\" data-e-type=\"section\" data-settings=\"{&quot;background_background&quot;:&quot;gradient&quot;,&quot;_ha_eqh_enable&quot;:false}\">\n\t\t\t\t\t\t<div class=\"elementor-container elementor-column-gap-default\">\n\t\t\t\t\t<div class=\"elementor-column elementor-col-50 elementor-top-column elementor-element elementor-element-293cadb\" data-id=\"293cadb\" data-element_type=\"column\" data-e-type=\"column\">\n\t\t\t<div class=\"elementor-widget-wrap elementor-element-populated\">\n\t\t\t\t\t\t<div class=\"elementor-element elementor-element-c08f219 elementor-invisible elementor-widget elementor-widget-heading\" data-id=\"c08f219\" data-element_type=\"widget\" data-e-type=\"widget\" data-settings=\"{&quot;_animation&quot;:&quot;fadeInUp&quot;,&quot;_animation_delay&quot;:200}\" data-widget_type=\"heading.default\">\n\t\t\t\t<div class=\"elementor-widget-container\">\n\t\t\t\t\t<h3 class=\"elementor-heading-title elementor-size-default\">Perguntas frequentes<\/h3>\t\t\t\t<\/div>\n\t\t\t\t<\/div>\n\t\t\t\t<div class=\"elementor-element elementor-element-6c661eb elementor-invisible elementor-widget elementor-widget-eael-adv-accordion\" data-id=\"6c661eb\" data-element_type=\"widget\" data-e-type=\"widget\" data-settings=\"{&quot;_animation&quot;:&quot;fadeIn&quot;}\" data-widget_type=\"eael-adv-accordion.default\">\n\t\t\t\t<div class=\"elementor-widget-container\">\n\t\t\t\t\t            <div class=\"eael-adv-accordion\" id=\"eael-adv-accordion-6c661eb\" data-scroll-on-click=\"no\" data-scroll-speed=\"300\" data-accordion-id=\"6c661eb\" data-accordion-type=\"accordion\" data-toogle-speed=\"300\">\n            <div class=\"eael-accordion-list\">\n\t\t\t\t\t<div id=\"qual-melhor-tipo-de-cercamento-para-minha-obra\" class=\"elementor-tab-title eael-accordion-header\" tabindex=\"0\" data-tab=\"1\" aria-controls=\"elementor-tab-content-1131\"><span class=\"eael-advanced-accordion-icon-closed\"><i aria-hidden=\"true\" class=\"fa-accordion-icon fas fa-plus\"><\/i><\/span><span class=\"eael-advanced-accordion-icon-opened\"><i aria-hidden=\"true\" class=\"fa-accordion-icon fas fa-minus\"><\/i><\/span><span class=\"eael-accordion-tab-title\">Qual melhor tipo de cercamento para minha obra?<\/span><i aria-hidden=\"true\" class=\"fa-toggle fas fa-angle-right\"><\/i><\/div><div id=\"elementor-tab-content-1131\" class=\"eael-accordion-content clearfix\" data-tab=\"1\" aria-labelledby=\"qual-melhor-tipo-de-cercamento-para-minha-obra\"><p><span style=\"font-weight: 400\">O melhor tipo de cercamento para sua obra pode variar de acordo com suas necessidades espec\u00edficas. A Total Telas oferece uma variedade de op\u00e7\u00f5es, incluindo gradis, alambrados, cercas de tela, entre outros. Para determinar qual \u00e9 o melhor tipo de cercamento para sua obra, recomendamos entrar em contato com nossa equipe de vendas ou agendar uma consulta para que possamos avaliar suas necessidades e oferecer a melhor solu\u00e7\u00e3o poss\u00edvel com base em suas especifica\u00e7\u00f5es.<\/span><\/p>\n<\/div>\n\t\t\t\t\t<\/div><div class=\"eael-accordion-list\">\n\t\t\t\t\t<div id=\"como-comprar-direto-da-fbrica\" class=\"elementor-tab-title eael-accordion-header\" tabindex=\"0\" data-tab=\"2\" aria-controls=\"elementor-tab-content-1132\"><span class=\"eael-advanced-accordion-icon-closed\"><i aria-hidden=\"true\" class=\"fa-accordion-icon fas fa-plus\"><\/i><\/span><span class=\"eael-advanced-accordion-icon-opened\"><i aria-hidden=\"true\" class=\"fa-accordion-icon fas fa-minus\"><\/i><\/span><span class=\"eael-accordion-tab-title\">Como comprar direto da f\u00e1brica?<\/span><i aria-hidden=\"true\" class=\"fa-toggle fas fa-angle-right\"><\/i><\/div><div id=\"elementor-tab-content-1132\" class=\"eael-accordion-content clearfix\" data-tab=\"2\" aria-labelledby=\"como-comprar-direto-da-fbrica\"><p><span style=\"font-weight: 400\">Para comprar direto da f\u00e1brica da Total Telas, entre em contato com nossa equipe de vendas por telefone ou e-mail e informe suas necessidades. Eles fornecer\u00e3o um or\u00e7amento e guiar\u00e3o voc\u00ea para o processo de compra.<\/span><\/p>\n<\/div>\n\t\t\t\t\t<\/div><div class=\"eael-accordion-list\">\n\t\t\t\t\t<div id=\"quero-comprar-para-revender\" class=\"elementor-tab-title eael-accordion-header\" tabindex=\"0\" data-tab=\"3\" aria-controls=\"elementor-tab-content-1133\"><span class=\"eael-advanced-accordion-icon-closed\"><i aria-hidden=\"true\" class=\"fa-accordion-icon fas fa-plus\"><\/i><\/span><span class=\"eael-advanced-accordion-icon-opened\"><i aria-hidden=\"true\" class=\"fa-accordion-icon fas fa-minus\"><\/i><\/span><span class=\"eael-accordion-tab-title\">Quero comprar para revender?<\/span><i aria-hidden=\"true\" class=\"fa-toggle fas fa-angle-right\"><\/i><\/div><div id=\"elementor-tab-content-1133\" class=\"eael-accordion-content clearfix\" data-tab=\"3\" aria-labelledby=\"quero-comprar-para-revender\"><p><span style=\"font-weight: 400\">Para se tornar um revendedor da Total Telas, basta entrar em contato conosco e fornecer informa\u00e7\u00f5es comerciais. Negociaremos os termos de compra e voc\u00ea poder\u00e1 fazer pedidos de acordo com as condi\u00e7\u00f5es acordadas.<\/span><\/p>\n<\/div>\n\t\t\t\t\t<\/div><div class=\"eael-accordion-list\">\n\t\t\t\t\t<div id=\"comprei-um-gradil-total-telas-quero-saber-como-instalar\" class=\"elementor-tab-title eael-accordion-header\" tabindex=\"0\" data-tab=\"4\" aria-controls=\"elementor-tab-content-1134\"><span class=\"eael-advanced-accordion-icon-closed\"><i aria-hidden=\"true\" class=\"fa-accordion-icon fas fa-plus\"><\/i><\/span><span class=\"eael-advanced-accordion-icon-opened\"><i aria-hidden=\"true\" class=\"fa-accordion-icon fas fa-minus\"><\/i><\/span><span class=\"eael-accordion-tab-title\">Comprei um gradil Total Telas quero saber como instalar?<\/span><i aria-hidden=\"true\" class=\"fa-toggle fas fa-angle-right\"><\/i><\/div><div id=\"elementor-tab-content-1134\" class=\"eael-accordion-content clearfix\" data-tab=\"4\" aria-labelledby=\"comprei-um-gradil-total-telas-quero-saber-como-instalar\"><p><span style=\"font-weight: 400\">A Total Telas tem manual com todo o passo a passo detalhado de como fazer uma instala\u00e7\u00e3o acesse link abaixo:<\/span><\/p>\n<\/div>\n\t\t\t\t\t<\/div><div class=\"eael-accordion-list\">\n\t\t\t\t\t<div id=\"total-telas-atende-todo-brasil\" class=\"elementor-tab-title eael-accordion-header\" tabindex=\"0\" data-tab=\"5\" aria-controls=\"elementor-tab-content-1135\"><span class=\"eael-advanced-accordion-icon-closed\"><i aria-hidden=\"true\" class=\"fa-accordion-icon fas fa-plus\"><\/i><\/span><span class=\"eael-advanced-accordion-icon-opened\"><i aria-hidden=\"true\" class=\"fa-accordion-icon fas fa-minus\"><\/i><\/span><span class=\"eael-accordion-tab-title\">Total Telas atende todo Brasil?<\/span><i aria-hidden=\"true\" class=\"fa-toggle fas fa-angle-right\"><\/i><\/div><div id=\"elementor-tab-content-1135\" class=\"eael-accordion-content clearfix\" data-tab=\"5\" aria-labelledby=\"total-telas-atende-todo-brasil\"><p><span style=\"font-weight: 400\">Sim, a Total Telas atende todo o Brasil. Temos uma ampla presen\u00e7a e capacidade de entrega em todo o pa\u00eds para atender \u00e0s necessidades dos nossos clientes, independentemente da localiza\u00e7\u00e3o.<\/span><\/p>\n<\/div>\n\t\t\t\t\t<\/div><div class=\"eael-accordion-list\">\n\t\t\t\t\t<div id=\"os-gradis-da-total-telas-tem-garantia\" class=\"elementor-tab-title eael-accordion-header\" tabindex=\"0\" data-tab=\"6\" aria-controls=\"elementor-tab-content-1136\"><span class=\"eael-advanced-accordion-icon-closed\"><i aria-hidden=\"true\" class=\"fa-accordion-icon fas fa-plus\"><\/i><\/span><span class=\"eael-advanced-accordion-icon-opened\"><i aria-hidden=\"true\" class=\"fa-accordion-icon fas fa-minus\"><\/i><\/span><span class=\"eael-accordion-tab-title\">Os gradis da Total telas  tem garantia?<\/span><i aria-hidden=\"true\" class=\"fa-toggle fas fa-angle-right\"><\/i><\/div><div id=\"elementor-tab-content-1136\" class=\"eael-accordion-content clearfix\" data-tab=\"6\" aria-labelledby=\"os-gradis-da-total-telas-tem-garantia\"><p><span style=\"font-weight: 400\">Sim, os graus de PVC da Total Telas contam com uma garantia s\u00f3lida de 5 anos. Isso demonstra nossa confian\u00e7a na qualidade e durabilidade dos produtos espec\u00edficos. Esta garantia oferece tranquilidade aos nossos clientes que optam por graus de PVC, sabendo que est\u00e3o adquirindo<\/span><\/p>\n<\/div>\n\t\t\t\t\t<\/div><div class=\"eael-accordion-list\">\n\t\t\t\t\t<div id=\"qual-a-diferena-entre-pintura-polister-e-pvc\" class=\"elementor-tab-title eael-accordion-header\" tabindex=\"0\" data-tab=\"7\" aria-controls=\"elementor-tab-content-1137\"><span class=\"eael-advanced-accordion-icon-closed\"><i aria-hidden=\"true\" class=\"fa-accordion-icon fas fa-plus\"><\/i><\/span><span class=\"eael-advanced-accordion-icon-opened\"><i aria-hidden=\"true\" class=\"fa-accordion-icon fas fa-minus\"><\/i><\/span><span class=\"eael-accordion-tab-title\">Qual a diferen\u00e7a entre pintura poli\u00e9ster e PVC?<\/span><i aria-hidden=\"true\" class=\"fa-toggle fas fa-angle-right\"><\/i><\/div><div id=\"elementor-tab-content-1137\" class=\"eael-accordion-content clearfix\" data-tab=\"7\" aria-labelledby=\"qual-a-diferena-entre-pintura-polister-e-pvc\"><p><span style=\"font-weight: 400\">A pintura em poli\u00e9ster e o revestimento em PVC para gradis est\u00e1 no processo de aplica\u00e7\u00e3o e nos materiais utilizados:<\/span><\/p>\n<p><span style=\"font-weight: 400\">Pintura em Poli\u00e9ster (Pintura Eletrost\u00e1tica a P\u00f3): Utiliza um p\u00f3 de poli\u00e9ster aplicado por meio de pintura eletrost\u00e1tica a p\u00f3, oferecendo um acabamento uniforme e resistente.<\/span><\/p>\n<p>\u00a0<\/p>\n<p><span style=\"font-weight: 400\">Revestimento em PVC (Policloreto de Vinila): Aplica-se uma camada de PVC fundido por imers\u00e3o a quente, proporcionando resist\u00eancia \u00e0 corros\u00e3o e impacto.<\/span><\/p>\n<p>\u00a0<\/p>\n<p><span style=\"font-weight: 400\">A escolha entre eles depende das necessidades do projeto. O revestimento em PVC \u00e9 resistente a produtos qu\u00edmicos e corros\u00e3o, ideal para ambientes agressivos. A pintura em poli\u00e9ster \u00e9 mais econ\u00f4mica e oferece op\u00e7\u00f5es variadas de cores e acabamentos.<\/span><\/p>\n<\/div>\n\t\t\t\t\t<\/div><div class=\"eael-accordion-list\">\n\t\t\t\t\t<div id=\"diferena-entre-gradil-e-alambrado\" class=\"elementor-tab-title eael-accordion-header\" tabindex=\"0\" data-tab=\"8\" aria-controls=\"elementor-tab-content-1138\"><span class=\"eael-advanced-accordion-icon-closed\"><i aria-hidden=\"true\" class=\"fa-accordion-icon fas fa-plus\"><\/i><\/span><span class=\"eael-advanced-accordion-icon-opened\"><i aria-hidden=\"true\" class=\"fa-accordion-icon fas fa-minus\"><\/i><\/span><span class=\"eael-accordion-tab-title\">Diferen\u00e7a entre Gradil e alambrado?<\/span><i aria-hidden=\"true\" class=\"fa-toggle fas fa-angle-right\"><\/i><\/div><div id=\"elementor-tab-content-1138\" class=\"eael-accordion-content clearfix\" data-tab=\"8\" aria-labelledby=\"diferena-entre-gradil-e-alambrado\"><p><span style=\"font-weight: 400\">A principal diferen\u00e7a entre gradil e alambrado est\u00e1 em sua estrutura e finalidade:<\/span><\/p>\n<p>\u00a0<\/p>\n<p><span style=\"font-weight: 400\">Gradil: \u00c9 uma estrutura mais robusta e geralmente feita de metal, composta por barras verticais e horizontais que se cruzam formando uma grade. Os gradis s\u00e3o usados principalmente para fins de seguran\u00e7a, delimita\u00e7\u00e3o de \u00e1reas e est\u00e9tica. Eles s\u00e3o mais resistentes e podem ser encontrados em diferentes designs e acabamentos.<\/span><\/p>\n<p>\u00a0<\/p>\n<p><span style=\"font-weight: 400\">Alambrado: Geralmente consiste em uma cerca feita de arame, que pode ser galvanizado ou revestido de PVC. Os alambrados s\u00e3o mais simples em termos de estrutura e s\u00e3o frequentemente usados para cercar propriedades, jardins, campos esportivos e outras \u00e1reas onde a seguran\u00e7a n\u00e3o \u00e9 a principal preocupa\u00e7\u00e3o. Eles s\u00e3o mais econ\u00f4micos e f\u00e1ceis de instalar em compara\u00e7\u00e3o com os gradis.<\/span><\/p>\n<\/div>\n\t\t\t\t\t<\/div><div class=\"eael-accordion-list\">\n\t\t\t\t\t<div id=\"quantas-micras-tem-o-revestimento\" class=\"elementor-tab-title eael-accordion-header\" tabindex=\"0\" data-tab=\"9\" aria-controls=\"elementor-tab-content-1139\"><span class=\"eael-advanced-accordion-icon-closed\"><i aria-hidden=\"true\" class=\"fa-accordion-icon fas fa-plus\"><\/i><\/span><span class=\"eael-advanced-accordion-icon-opened\"><i aria-hidden=\"true\" class=\"fa-accordion-icon fas fa-minus\"><\/i><\/span><span class=\"eael-accordion-tab-title\">Quantas micras tem o  revestimento?<\/span><i aria-hidden=\"true\" class=\"fa-toggle fas fa-angle-right\"><\/i><\/div><div id=\"elementor-tab-content-1139\" class=\"eael-accordion-content clearfix\" data-tab=\"9\" aria-labelledby=\"quantas-micras-tem-o-revestimento\"><p><span style=\"font-weight: 400\">O revestimento de PVC de alta ader\u00eancia da Total Telas possui uma espessura de 300 micras, o que contribui significativamente para a durabilidade e resist\u00eancia dos gradis e cercamentos, garantindo uma excelente prote\u00e7\u00e3o contra corros\u00e3o e desgaste. Esse revestimento aderente de alta qualidade \u00e9 uma caracter\u00edstica importante que torna os produtos da Total Telas uma escolha confi\u00e1vel para cercamentos e gradis.<\/span><\/p>\n<\/div>\n\t\t\t\t\t<\/div><div class=\"eael-accordion-list\">\n\t\t\t\t\t<div id=\"qual-a-camada-de-zincagem-que-o-gradil-e-alambrado-recebe\" class=\"elementor-tab-title eael-accordion-header\" tabindex=\"0\" data-tab=\"10\" aria-controls=\"elementor-tab-content-11310\"><span class=\"eael-advanced-accordion-icon-closed\"><i aria-hidden=\"true\" class=\"fa-accordion-icon fas fa-plus\"><\/i><\/span><span class=\"eael-advanced-accordion-icon-opened\"><i aria-hidden=\"true\" class=\"fa-accordion-icon fas fa-minus\"><\/i><\/span><span class=\"eael-accordion-tab-title\">Qual a camada de zincagem que o gradil e alambrado recebe?<\/span><i aria-hidden=\"true\" class=\"fa-toggle fas fa-angle-right\"><\/i><\/div><div id=\"elementor-tab-content-11310\" class=\"eael-accordion-content clearfix\" data-tab=\"10\" aria-labelledby=\"qual-a-camada-de-zincagem-que-o-gradil-e-alambrado-recebe\"><p><span style=\"font-weight: 400\">Os gradis e alambrados da Total Telas recebem uma camada de zincagem a fogo para prote\u00e7\u00e3o contra a corros\u00e3o. Essa camada \u00e9 aplicada de acordo com normas t\u00e9cnicas para garantir a durabilidade e resist\u00eancia dos produtos. Isso os torna ideais para cercamentos e seguran\u00e7a.<\/span><\/p>\n<\/div>\n\t\t\t\t\t<\/div><div class=\"eael-accordion-list\">\n\t\t\t\t\t<div id=\"segue-as-especificaes-nr12\" class=\"elementor-tab-title eael-accordion-header\" tabindex=\"0\" data-tab=\"11\" aria-controls=\"elementor-tab-content-11311\"><span class=\"eael-advanced-accordion-icon-closed\"><i aria-hidden=\"true\" class=\"fa-accordion-icon fas fa-plus\"><\/i><\/span><span class=\"eael-advanced-accordion-icon-opened\"><i aria-hidden=\"true\" class=\"fa-accordion-icon fas fa-minus\"><\/i><\/span><span class=\"eael-accordion-tab-title\">Segue as especifica\u00e7\u00f5es NR12?<\/span><i aria-hidden=\"true\" class=\"fa-toggle fas fa-angle-right\"><\/i><\/div><div id=\"elementor-tab-content-11311\" class=\"eael-accordion-content clearfix\" data-tab=\"11\" aria-labelledby=\"segue-as-especificaes-nr12\"><p><span style=\"font-weight: 400\">Sim, nossos produtos seguem as especifica\u00e7\u00f5es da NR12, que \u00e9 uma norma que estabelece requisitos m\u00ednimos para garantir a seguran\u00e7a dos trabalhadores em m\u00e1quinas e equipamentos. Essa norma visa prevenir acidentes e garantir um ambiente de trabalho mais seguro. Portanto, voc\u00ea pode confiar na qualidade e conformidade dos nossos produtos com essa importante norma.<\/span><\/p>\n<\/div>\n\t\t\t\t\t<\/div><div class=\"eael-accordion-list\">\n\t\t\t\t\t<div id=\"como-posso-entrar-em-contato-com-a-total-telas\" class=\"elementor-tab-title eael-accordion-header\" tabindex=\"0\" data-tab=\"12\" aria-controls=\"elementor-tab-content-11312\"><span class=\"eael-advanced-accordion-icon-closed\"><i aria-hidden=\"true\" class=\"fa-accordion-icon fas fa-plus\"><\/i><\/span><span class=\"eael-advanced-accordion-icon-opened\"><i aria-hidden=\"true\" class=\"fa-accordion-icon fas fa-minus\"><\/i><\/span><span class=\"eael-accordion-tab-title\">Como posso entrar em contato com a Total Telas?<\/span><i aria-hidden=\"true\" class=\"fa-toggle fas fa-angle-right\"><\/i><\/div><div id=\"elementor-tab-content-11312\" class=\"eael-accordion-content clearfix\" data-tab=\"12\" aria-labelledby=\"como-posso-entrar-em-contato-com-a-total-telas\"><p><span style=\"font-weight: 400\">Voc\u00ea pode entrar em contato conosco por telefone, e-mail ou preenchendo o formul\u00e1rio de contato em nosso site. Estamos dispon\u00edveis no\u00a0 Instagram,\u00a0 Facebook e\u00a0 Linkedin ou\u00a0 acesse nosso Whatsapp.<\/span><\/p>\n<\/div>\n\t\t\t\t\t<\/div><\/div>\t\t\t\t<\/div>\n\t\t\t\t<\/div>\n\t\t\t\t<div class=\"elementor-element elementor-element-1f6842e elementor-widget elementor-widget-spacer\" data-id=\"1f6842e\" data-element_type=\"widget\" data-e-type=\"widget\" data-widget_type=\"spacer.default\">\n\t\t\t\t<div class=\"elementor-widget-container\">\n\t\t\t\t\t\t\t<div class=\"elementor-spacer\">\n\t\t\t<div class=\"elementor-spacer-inner\"><\/div>\n\t\t<\/div>\n\t\t\t\t\t\t<\/div>\n\t\t\t\t<\/div>\n\t\t\t\t\t<\/div>\n\t\t<\/div>\n\t\t\t\t<div class=\"elementor-column elementor-col-50 elementor-top-column elementor-element elementor-element-8e70877 elementor-invisible\" data-id=\"8e70877\" data-element_type=\"column\" data-e-type=\"column\" data-settings=\"{&quot;animation&quot;:&quot;fadeInUp&quot;}\">\n\t\t\t<div class=\"elementor-widget-wrap elementor-element-populated\">\n\t\t\t\t\t\t<section class=\"elementor-section elementor-inner-section elementor-element elementor-element-e2da6dc elementor-section-boxed elementor-section-height-default elementor-section-height-default\" data-id=\"e2da6dc\" data-element_type=\"section\" data-e-type=\"section\" data-settings=\"{&quot;background_background&quot;:&quot;classic&quot;,&quot;_ha_eqh_enable&quot;:false}\">\n\t\t\t\t\t\t<div class=\"elementor-container elementor-column-gap-no\">\n\t\t\t\t\t<div class=\"elementor-column elementor-col-100 elementor-inner-column elementor-element elementor-element-da0bf76\" data-id=\"da0bf76\" data-element_type=\"column\" data-e-type=\"column\">\n\t\t\t<div class=\"elementor-widget-wrap elementor-element-populated\">\n\t\t\t\t\t\t<div class=\"elementor-element elementor-element-cdc309e ha-has-bg-overlay elementor-invisible elementor-widget elementor-widget-heading\" data-id=\"cdc309e\" data-element_type=\"widget\" data-e-type=\"widget\" data-settings=\"{&quot;_animation&quot;:&quot;fadeInUp&quot;,&quot;_animation_delay&quot;:600}\" data-widget_type=\"heading.default\">\n\t\t\t\t<div class=\"elementor-widget-container\">\n\t\t\t\t\t<h4 class=\"elementor-heading-title elementor-size-default\">ficou alguma d\u00favida?<\/h4>\t\t\t\t<\/div>\n\t\t\t\t<\/div>\n\t\t\t\t<div class=\"elementor-element elementor-element-7d8b64d elementor-invisible elementor-widget elementor-widget-heading\" data-id=\"7d8b64d\" data-element_type=\"widget\" data-e-type=\"widget\" data-settings=\"{&quot;_animation&quot;:&quot;fadeInUp&quot;,&quot;_animation_delay&quot;:200}\" data-widget_type=\"heading.default\">\n\t\t\t\t<div class=\"elementor-widget-container\">\n\t\t\t\t\t<h4 class=\"elementor-heading-title elementor-size-small\">entre em contato conosco:<\/h4>\t\t\t\t<\/div>\n\t\t\t\t<\/div>\n\t\t\t\t<div class=\"elementor-element elementor-element-9323caa elementor-widget elementor-widget-button\" data-id=\"9323caa\" data-element_type=\"widget\" data-e-type=\"widget\" data-widget_type=\"button.default\">\n\t\t\t\t<div class=\"elementor-widget-container\">\n\t\t\t\t\t\t\t\t\t<div class=\"elementor-button-wrapper\">\n\t\t\t\t\t<a class=\"elementor-button elementor-button-link elementor-size-sm\" href=\"https:\/\/totaltelas.com.br\/es\/contacto\/\">\n\t\t\t\t\t\t<span class=\"elementor-button-content-wrapper\">\n\t\t\t\t\t\t\t\t\t<span class=\"elementor-button-text\">entre em contato<\/span>\n\t\t\t\t\t<\/span>\n\t\t\t\t\t<\/a>\n\t\t\t\t<\/div>\n\t\t\t\t\t\t\t\t<\/div>\n\t\t\t\t<\/div>\n\t\t\t\t\t<\/div>\n\t\t<\/div>\n\t\t\t\t\t<\/div>\n\t\t<\/section>\n\t\t\t\t\t<\/div>\n\t\t<\/div>\n\t\t\t\t\t<\/div>\n\t\t<\/section>\n\t\t\t\t<\/div>\n\t\t","protected":false},"excerpt":{"rendered":"<p>Home Home FAQ Home faq Perguntas frequentes Qual melhor tipo de cercamento para minha obra? O melhor tipo de cercamento para sua obra pode variar de acordo com suas necessidades espec\u00edficas. A Total Telas oferece uma variedade de op\u00e7\u00f5es, incluindo gradis, alambrados, cercas de tela, entre outros. Para determinar qual \u00e9 o melhor tipo de [&hellip;]<\/p>\n","protected":false},"author":3,"featured_media":0,"parent":0,"menu_order":0,"comment_status":"closed","ping_status":"closed","template":"elementor_header_footer","meta":{"footnotes":""},"class_list":["post-4244","page","type-page","status-publish","hentry"],"_links":{"self":[{"href":"https:\/\/totaltelas.com.br\/es\/wp-json\/wp\/v2\/pages\/4244","targetHints":{"allow":["GET"]}}],"collection":[{"href":"https:\/\/totaltelas.com.br\/es\/wp-json\/wp\/v2\/pages"}],"about":[{"href":"https:\/\/totaltelas.com.br\/es\/wp-json\/wp\/v2\/types\/page"}],"author":[{"embeddable":true,"href":"https:\/\/totaltelas.com.br\/es\/wp-json\/wp\/v2\/users\/3"}],"replies":[{"embeddable":true,"href":"https:\/\/totaltelas.com.br\/es\/wp-json\/wp\/v2\/comments?post=4244"}],"version-history":[{"count":9,"href":"https:\/\/totaltelas.com.br\/es\/wp-json\/wp\/v2\/pages\/4244\/revisions"}],"predecessor-version":[{"id":5364,"href":"https:\/\/totaltelas.com.br\/es\/wp-json\/wp\/v2\/pages\/4244\/revisions\/5364"}],"wp:attachment":[{"href":"https:\/\/totaltelas.com.br\/es\/wp-json\/wp\/v2\/media?parent=4244"}],"curies":[{"name":"wp","href":"https:\/\/api.w.org\/{rel}","templated":true}]}}