{"id":4548,"date":"2023-01-26T20:25:24","date_gmt":"2023-01-26T20:25:24","guid":{"rendered":"https:\/\/totaltelas.com.br\/pantallas-de-pvc-de-rejilla-total\/"},"modified":"2024-01-15T18:08:04","modified_gmt":"2024-01-15T18:08:04","slug":"pantallas-de-pvc-de-rejilla-total","status":"publish","type":"page","link":"https:\/\/totaltelas.com.br\/es\/pantallas-de-pvc-de-rejilla-total\/","title":{"rendered":"Cerco Perimetral Panel Total Telas PVC."},"content":{"rendered":"\t\t<div data-elementor-type=\"wp-page\" data-elementor-id=\"4548\" class=\"elementor elementor-4548 elementor-510\" data-elementor-settings=\"{&quot;ha_cmc_init_switcher&quot;:&quot;no&quot;}\" data-elementor-post-type=\"page\">\n\t\t\t\t\t\t<section class=\"elementor-section elementor-top-section elementor-element elementor-element-72fe642 elementor-section-boxed elementor-section-height-default elementor-section-height-default\" data-id=\"72fe642\" data-element_type=\"section\" data-e-type=\"section\" data-settings=\"{&quot;background_background&quot;:&quot;classic&quot;,&quot;_ha_eqh_enable&quot;:false}\">\n\t\t\t\t\t\t<div class=\"elementor-container elementor-column-gap-default\">\n\t\t\t\t\t<div class=\"elementor-column elementor-col-100 elementor-top-column elementor-element elementor-element-ff2393c\" data-id=\"ff2393c\" data-element_type=\"column\" data-e-type=\"column\">\n\t\t\t<div class=\"elementor-widget-wrap elementor-element-populated\">\n\t\t\t\t\t\t<div class=\"elementor-element elementor-element-931cef3 elementor-widget__width-auto elementor-widget elementor-widget-button\" data-id=\"931cef3\" data-element_type=\"widget\" data-e-type=\"widget\" data-widget_type=\"button.default\">\n\t\t\t\t<div class=\"elementor-widget-container\">\n\t\t\t\t\t\t\t\t\t<div class=\"elementor-button-wrapper\">\n\t\t\t\t\t<a class=\"elementor-button elementor-button-link elementor-size-sm\" href=\"https:\/\/totaltelas.com.br\/es\/bienes\/\">\n\t\t\t\t\t\t<span class=\"elementor-button-content-wrapper\">\n\t\t\t\t\t\t\t\t\t<span class=\"elementor-button-text\">Produtos<\/span>\n\t\t\t\t\t<\/span>\n\t\t\t\t\t<\/a>\n\t\t\t\t<\/div>\n\t\t\t\t\t\t\t\t<\/div>\n\t\t\t\t<\/div>\n\t\t\t\t<div class=\"elementor-element elementor-element-84619e9 elementor-widget__width-auto elementor-widget elementor-widget-heading\" data-id=\"84619e9\" data-element_type=\"widget\" data-e-type=\"widget\" data-widget_type=\"heading.default\">\n\t\t\t\t<div class=\"elementor-widget-container\">\n\t\t\t\t\t<p class=\"elementor-heading-title elementor-size-default\">\/<\/p>\t\t\t\t<\/div>\n\t\t\t\t<\/div>\n\t\t\t\t<div class=\"elementor-element elementor-element-fced471 elementor-widget__width-auto elementor-widget elementor-widget-button\" data-id=\"fced471\" data-element_type=\"widget\" data-e-type=\"widget\" data-widget_type=\"button.default\">\n\t\t\t\t<div class=\"elementor-widget-container\">\n\t\t\t\t\t\t\t\t\t<div class=\"elementor-button-wrapper\">\n\t\t\t\t\t<a class=\"elementor-button elementor-button-link elementor-size-sm\" href=\"https:\/\/totaltelas.com.br\/es\/cribas-de-rejilla-total\/\">\n\t\t\t\t\t\t<span class=\"elementor-button-content-wrapper\">\n\t\t\t\t\t\t\t\t\t<span class=\"elementor-button-text\">Gradil<\/span>\n\t\t\t\t\t<\/span>\n\t\t\t\t\t<\/a>\n\t\t\t\t<\/div>\n\t\t\t\t\t\t\t\t<\/div>\n\t\t\t\t<\/div>\n\t\t\t\t<div class=\"elementor-element elementor-element-b0d1b23 elementor-widget elementor-widget-heading\" data-id=\"b0d1b23\" data-element_type=\"widget\" data-e-type=\"widget\" data-widget_type=\"heading.default\">\n\t\t\t\t<div class=\"elementor-widget-container\">\n\t\t\t\t\t<h1 class=\"elementor-heading-title elementor-size-xl\">Gradil Total telas pvc<\/h1>\t\t\t\t<\/div>\n\t\t\t\t<\/div>\n\t\t\t\t\t<\/div>\n\t\t<\/div>\n\t\t\t\t\t<\/div>\n\t\t<\/section>\n\t\t\t\t<section class=\"elementor-section elementor-top-section elementor-element elementor-element-e545b17 elementor-section-boxed elementor-section-height-default elementor-section-height-default\" data-id=\"e545b17\" data-element_type=\"section\" data-e-type=\"section\" data-settings=\"{&quot;_ha_eqh_enable&quot;:false}\">\n\t\t\t\t\t\t<div class=\"elementor-container elementor-column-gap-default\">\n\t\t\t\t\t<div class=\"elementor-column elementor-col-50 elementor-top-column elementor-element elementor-element-95c1ef0\" data-id=\"95c1ef0\" data-element_type=\"column\" data-e-type=\"column\">\n\t\t\t<div class=\"elementor-widget-wrap elementor-element-populated\">\n\t\t\t\t\t\t<div class=\"elementor-element elementor-element-a7a4dce elementor-widget elementor-widget-image\" data-id=\"a7a4dce\" data-element_type=\"widget\" data-e-type=\"widget\" data-widget_type=\"image.default\">\n\t\t\t\t<div class=\"elementor-widget-container\">\n\t\t\t\t\t\t\t\t\t\t\t\t\t\t\t<img decoding=\"async\" src=\"https:\/\/totaltelas.com.br\/wp-content\/uploads\/elementor\/thumbs\/Gradil-Total-Telas-PVC_02-q4c1rq4hqpz8jdqbxaxlttw721tt97z0j7zyvuxfau.jpg\" title=\"Gradil Total Telas PVC_02\" alt=\"Gradil Total Telas PVC_02\" loading=\"lazy\" \/>\t\t\t\t\t\t\t\t\t\t\t\t\t\t\t<\/div>\n\t\t\t\t<\/div>\n\t\t\t\t\t<\/div>\n\t\t<\/div>\n\t\t\t\t<div class=\"elementor-column elementor-col-50 elementor-top-column elementor-element elementor-element-d5651b8\" data-id=\"d5651b8\" data-element_type=\"column\" data-e-type=\"column\">\n\t\t\t<div class=\"elementor-widget-wrap elementor-element-populated\">\n\t\t\t\t\t\t<div class=\"elementor-element elementor-element-7c861be elementor-widget elementor-widget-heading\" data-id=\"7c861be\" data-element_type=\"widget\" data-e-type=\"widget\" data-widget_type=\"heading.default\">\n\t\t\t\t<div class=\"elementor-widget-container\">\n\t\t\t\t\t<h2 class=\"elementor-heading-title elementor-size-large\">gradil pvc<\/h2>\t\t\t\t<\/div>\n\t\t\t\t<\/div>\n\t\t\t\t<div class=\"elementor-element elementor-element-45592fd elementor-widget elementor-widget-heading\" data-id=\"45592fd\" data-element_type=\"widget\" data-e-type=\"widget\" data-widget_type=\"heading.default\">\n\t\t\t\t<div class=\"elementor-widget-container\">\n\t\t\t\t\t<h3 class=\"elementor-heading-title elementor-size-medium\">gradil pvc para uso residencial, comercial e industrial<\/h3>\t\t\t\t<\/div>\n\t\t\t\t<\/div>\n\t\t\t\t<div class=\"elementor-element elementor-element-9985d0c elementor-widget elementor-widget-text-editor\" data-id=\"9985d0c\" data-element_type=\"widget\" data-e-type=\"widget\" data-widget_type=\"text-editor.default\">\n\t\t\t\t<div class=\"elementor-widget-container\">\n\t\t\t\t\t\t\t\t\t<p>O Gradil Total Telas PVC \u00e9 a escolha mais moderna e eficiente para cercamentos, com tecnologia de ponta e alta qualidade que garantem prote\u00e7\u00e3o completa para o seu espa\u00e7o.<\/p>\n\t\t\t\t\t\t\t\t<\/div>\n\t\t\t\t<\/div>\n\t\t\t\t<div class=\"elementor-element elementor-element-16d74b7 elementor-widget elementor-widget-button\" data-id=\"16d74b7\" data-element_type=\"widget\" data-e-type=\"widget\" data-widget_type=\"button.default\">\n\t\t\t\t<div class=\"elementor-widget-container\">\n\t\t\t\t\t\t\t\t\t<div class=\"elementor-button-wrapper\">\n\t\t\t\t\t<a class=\"elementor-button elementor-button-link elementor-size-sm\" href=\"https:\/\/totaltelas.com.br\/es\/contacto\/\">\n\t\t\t\t\t\t<span class=\"elementor-button-content-wrapper\">\n\t\t\t\t\t\t\t\t\t<span class=\"elementor-button-text\">Or\u00e7amento<\/span>\n\t\t\t\t\t<\/span>\n\t\t\t\t\t<\/a>\n\t\t\t\t<\/div>\n\t\t\t\t\t\t\t\t<\/div>\n\t\t\t\t<\/div>\n\t\t\t\t<div class=\"elementor-element elementor-element-3b77d3a elementor-widget elementor-widget-image\" data-id=\"3b77d3a\" data-element_type=\"widget\" data-e-type=\"widget\" data-widget_type=\"image.default\">\n\t\t\t\t<div class=\"elementor-widget-container\">\n\t\t\t\t\t\t\t\t\t\t\t\t\t\t\t<img fetchpriority=\"high\" decoding=\"async\" width=\"800\" height=\"364\" src=\"https:\/\/totaltelas.com.br\/wp-content\/uploads\/2023\/03\/revestimento_arame.png\" class=\"attachment-large size-large wp-image-3753\" alt=\"\" srcset=\"https:\/\/totaltelas.com.br\/wp-content\/uploads\/2023\/03\/revestimento_arame.png 814w, https:\/\/totaltelas.com.br\/wp-content\/uploads\/2023\/03\/revestimento_arame-300x136.png 300w, https:\/\/totaltelas.com.br\/wp-content\/uploads\/2023\/03\/revestimento_arame-768x349.png 768w\" sizes=\"(max-width: 800px) 100vw, 800px\" \/>\t\t\t\t\t\t\t\t\t\t\t\t\t\t\t<\/div>\n\t\t\t\t<\/div>\n\t\t\t\t\t<\/div>\n\t\t<\/div>\n\t\t\t\t\t<\/div>\n\t\t<\/section>\n\t\t\t\t<section class=\"elementor-section elementor-top-section elementor-element elementor-element-8124ea1 elementor-section-boxed elementor-section-height-default elementor-section-height-default\" data-id=\"8124ea1\" data-element_type=\"section\" data-e-type=\"section\" data-settings=\"{&quot;_ha_eqh_enable&quot;:false}\">\n\t\t\t\t\t\t<div class=\"elementor-container elementor-column-gap-default\">\n\t\t\t\t\t<div class=\"elementor-column elementor-col-100 elementor-top-column elementor-element elementor-element-3615b4b\" data-id=\"3615b4b\" data-element_type=\"column\" data-e-type=\"column\">\n\t\t\t<div class=\"elementor-widget-wrap\">\n\t\t\t\t\t\t\t<\/div>\n\t\t<\/div>\n\t\t\t\t\t<\/div>\n\t\t<\/section>\n\t\t\t\t<section class=\"elementor-section elementor-top-section elementor-element elementor-element-96e9bb4 elementor-section-boxed elementor-section-height-default elementor-section-height-default\" data-id=\"96e9bb4\" data-element_type=\"section\" data-e-type=\"section\" data-settings=\"{&quot;background_background&quot;:&quot;classic&quot;,&quot;_ha_eqh_enable&quot;:false}\">\n\t\t\t\t\t\t<div class=\"elementor-container elementor-column-gap-default\">\n\t\t\t\t\t<div class=\"elementor-column elementor-col-100 elementor-top-column elementor-element elementor-element-c5430cc\" data-id=\"c5430cc\" data-element_type=\"column\" data-e-type=\"column\">\n\t\t\t<div class=\"elementor-widget-wrap elementor-element-populated\">\n\t\t\t\t\t\t<div class=\"elementor-element elementor-element-82702e6 elementor-widget elementor-widget-eael-adv-tabs\" data-id=\"82702e6\" data-element_type=\"widget\" data-e-type=\"widget\" data-widget_type=\"eael-adv-tabs.default\">\n\t\t\t\t<div class=\"elementor-widget-container\">\n\t\t\t\t\t        <div data-scroll-on-click=\"no\" data-scroll-speed=\"300\" id=\"eael-advance-tabs-82702e6\" class=\"eael-advance-tabs eael-tabs-horizontal eael-tab-auto-active \" data-tabid=\"82702e6\">\n            <div class=\"eael-tabs-nav \">\n                <ul class=\"eael-tab-inline-icon\" role=\"tablist\">\n                                            <li id=\"especificaes\" class=\"inactive eael-tab-item-trigger eael-tab-nav-item\" aria-selected=\"true\" data-tab=\"1\" role=\"tab\" tabindex=\"0\" aria-controls=\"especificaes-tab\" aria-expanded=\"false\">\n                            \n                                                        \n                                                            <span class=\"eael-tab-title title-after-icon\" >Especifica\u00e7\u00f5es<\/span>                            \n                                                    <\/li>\n                                            <li id=\"detalhes\" class=\"inactive eael-tab-item-trigger eael-tab-nav-item\" aria-selected=\"false\" data-tab=\"2\" role=\"tab\" tabindex=\"-1\" aria-controls=\"detalhes-tab\" aria-expanded=\"false\">\n                            \n                                                        \n                                                            <span class=\"eael-tab-title title-after-icon\" >Detalhes<\/span>                            \n                                                    <\/li>\n                                            <li id=\"aplicaes-sugeridas\" class=\"inactive eael-tab-item-trigger eael-tab-nav-item\" aria-selected=\"false\" data-tab=\"3\" role=\"tab\" tabindex=\"-1\" aria-controls=\"aplicaes-sugeridas-tab\" aria-expanded=\"false\">\n                            \n                                                        \n                                                            <span class=\"eael-tab-title title-after-icon\" >Aplica\u00e7\u00f5es Sugeridas<\/span>                            \n                                                    <\/li>\n                    \n                                  <\/ul>\n            <\/div>\n            \n            <div class=\"eael-tabs-content\">\n\t\t        \n                    <div id=\"especificaes-tab\" class=\"clearfix eael-tab-content-item inactive\" data-title-link=\"especificaes-tab\">\n\t\t\t\t        <table>\n<tbody>\n<tr>\n<td>Cor:<\/td>\n<td>Verde e Branco<br \/>Preto e Azul (2\u00ba semestre 2023)<\/td>\n<\/tr>\n<tr>\n<td>Largura:<\/td>\n<td>2,50 m<\/td>\n<\/tr>\n<tr>\n<td>Alturas:<\/td>\n<td>1,03 &#8211; 1,53 &#8211; 2,03 &#8211; 2,43<\/td>\n<\/tr>\n<tr>\n<td>Fios Dispon\u00edveis:<\/td>\n<td>4,3mm e 5,10 mm (bitola)<\/td>\n<\/tr>\n<tr>\n<td>Malha do painel gradil<\/td>\n<td>5&#215;20 cm<\/td>\n<\/tr>\n<tr>\n<td>Zinco<\/td>\n<td>70gr<\/td>\n<\/tr>\n<tr>\n<td>300 micras<\/td>\n<\/tr>\n<tr>\n<td>05 anos de Garantia<\/td>\n<\/tr>\n<tr>\n<td style=\"width: 500px\"><strong>Especifica\u00e7\u00f5es t\u00e9cnicas do postes:<\/strong><\/td>\n<td rowspan=\"7\"><img decoding=\"async\" class=\"size-medium wp-image-1708 alignright\" src=\"https:\/\/totaltelas.com.br\/wp-content\/uploads\/2023\/03\/corte-poste-gradil-total-telas-pvc-300x266.png\" alt=\"\" width=\"300\" height=\"266\" srcset=\"https:\/\/totaltelas.com.br\/wp-content\/uploads\/2023\/03\/corte-poste-gradil-total-telas-pvc-300x266.png 300w, https:\/\/totaltelas.com.br\/wp-content\/uploads\/2023\/03\/corte-poste-gradil-total-telas-pvc.png 583w\" sizes=\"(max-width: 300px) 100vw, 300px\" \/><\/td>\n<\/tr>\n<tr>\n<td>460 micras de cobertura;<\/td>\n<\/tr>\n<tr>\n<td>A\u00e7o zincado por imers\u00e3o a quente;<\/td>\n<\/tr>\n<tr>\n<td>Produ\u00e7\u00e3o 100% nacional;<\/td>\n<\/tr>\n<tr>\n<td>Tubos de 60x40mm.<\/td>\n<\/tr>\n<\/tbody>\n<\/table>\n                    <\/div>\n\t\t        \n                    <div id=\"detalhes-tab\" class=\"clearfix eael-tab-content-item inactive\" data-title-link=\"detalhes-tab\">\n\t\t\t\t        <p>O <strong>Gradil Total Telas PVC<\/strong> \u00e9 a solu\u00e7\u00e3o ideal para quem busca prote\u00e7\u00e3o duradoura e eficiente. Com uma camada de <strong>PVC de alta ader\u00eancia<\/strong> de 300 micras e arame galvanizado a quente com at\u00e9 70 gramas de zinco, o Gradil Total Telas PVC \u00e9 resistente \u00e0s mais diversas condi\u00e7\u00f5es clim\u00e1ticas e \u00e0s intemp\u00e9ries do tempo.<\/p>\n<p>Al\u00e9m disso, sua instala\u00e7\u00e3o \u00e9 f\u00e1cil e r\u00e1pida, garantindo economia de tempo e custos. E com a durabilidade oferecida pelo Gradil Total Telas PVC, \u00e9 poss\u00edvel ter tranquilidade e seguran\u00e7a por muitos anos.<\/p>\n<p>N\u00e3o perca mais tempo com solu\u00e7\u00f5es de prote\u00e7\u00e3o que n\u00e3o oferecem o m\u00e1ximo de qualidade e efici\u00eancia. Conhe\u00e7a o Gradil Total Telas PVC e garanta prote\u00e7\u00e3o completa e duradoura para o seu espa\u00e7o.<\/p>\n<p>POSTES TOTAL TELAS PVC:<\/p>\n<p>O Gradil Total Telas PVC \u00e9 uma solu\u00e7\u00e3o completa para cercamentos, que conta com um conjunto de postes de 60x40mm em a\u00e7o zincado de imers\u00e3o a quente. Esses postes recebem at\u00e9 400 micras de revestimento em PVC de alta ader\u00eancia, com camada dupla face, tanto por dentro quanto por fora.<\/p>\n<p>Esse conjunto de postes garante a m\u00e1xima resist\u00eancia e durabilidade para o cercamento, al\u00e9m de uma instala\u00e7\u00e3o f\u00e1cil e r\u00e1pida. Com o Gradil Total Telas PVC, \u00e9 poss\u00edvel ter a tranquilidade de estar protegido por anos, sem preocupa\u00e7\u00f5es com manuten\u00e7\u00e3o ou reparos.<\/p>\n                    <\/div>\n\t\t        \n                    <div id=\"aplicaes-sugeridas-tab\" class=\"clearfix eael-tab-content-item inactive\" data-title-link=\"aplicaes-sugeridas-tab\">\n\t\t\t\t        <p><span style=\"font-weight: 400\">O Gradil Total Telas PVC \u00e9 a solu\u00e7\u00e3o ideal para qualquer tipo de projeto de cercamento. Sua versatilidade permite que ele seja utilizado em diversos segmentos, como:<\/span><\/p>\n<ul>\n<li><span style=\"font-weight: 400\">portos e aeroportos,<\/span><\/li>\n<li><span style=\"font-weight: 400\">condom\u00ednios residenciais<\/span><\/li>\n<li><span style=\"font-weight: 400\">shopping centers<\/span><\/li>\n<li><span style=\"font-weight: 400\">lojas de autom\u00f3veis<\/span><\/li>\n<li><span style=\"font-weight: 400\">com\u00e9rcios locais.<\/span><\/li>\n<\/ul>\n<p><span style=\"font-weight: 400\">Com uma instala\u00e7\u00e3o f\u00e1cil e r\u00e1pida, o Gradil Total Telas PVC \u00e9 a escolha perfeita para quem busca prote\u00e7\u00e3o eficiente e duradoura. Al\u00e9m disso, sua resist\u00eancia \u00e0s mais diversas condi\u00e7\u00f5es clim\u00e1ticas e \u00e0s intemp\u00e9ries do tempo garante que ele seja uma solu\u00e7\u00e3o de cercamento de longo prazo, tanto para obras de grande porte quanto para projetos menores, como resid\u00eancias litor\u00e2neas.<\/span><\/p>\n                    <\/div>\n\t\t                    <\/div>\n        <\/div>\n\t\t\t\t<\/div>\n\t\t\t\t<\/div>\n\t\t\t\t<div class=\"elementor-element elementor-element-1fe7e89 elementor-widget elementor-widget-heading\" data-id=\"1fe7e89\" data-element_type=\"widget\" data-e-type=\"widget\" data-widget_type=\"heading.default\">\n\t\t\t\t<div class=\"elementor-widget-container\">\n\t\t\t\t\t<h4 class=\"elementor-heading-title elementor-size-default\">Outros Produtos<\/h4>\t\t\t\t<\/div>\n\t\t\t\t<\/div>\n\t\t\t\t<div class=\"elementor-element elementor-element-b99dfac elementor-nav-menu__align-center elementor-nav-menu--dropdown-tablet elementor-nav-menu__text-align-aside elementor-widget elementor-widget-nav-menu\" data-id=\"b99dfac\" data-element_type=\"widget\" data-e-type=\"widget\" data-settings=\"{&quot;submenu_icon&quot;:{&quot;value&quot;:&quot;&lt;i class=\\&quot;fas fa-angle-down\\&quot;&gt;&lt;\\\/i&gt;&quot;,&quot;library&quot;:&quot;fa-solid&quot;},&quot;layout&quot;:&quot;horizontal&quot;}\" data-widget_type=\"nav-menu.default\">\n\t\t\t\t<div class=\"elementor-widget-container\">\n\t\t\t\t\t\t\t\t<nav aria-label=\"Men\u00fa\" class=\"elementor-nav-menu--main elementor-nav-menu__container elementor-nav-menu--layout-horizontal e--pointer-background e--animation-fade\">\n\t\t\t\t<ul id=\"menu-1-b99dfac\" class=\"elementor-nav-menu\"><li class=\"menu-item menu-item-type-post_type menu-item-object-page menu-item-4989\"><a href=\"https:\/\/totaltelas.com.br\/es\/bienes\/\" class=\"elementor-item\">productos<\/a><\/li>\n<li class=\"menu-item menu-item-type-post_type menu-item-object-page menu-item-has-children menu-item-5009\"><a href=\"https:\/\/totaltelas.com.br\/es\/cribas-de-rejilla-total\/\" class=\"elementor-item\">Cerco Perimetral Panel Total Telas.<\/a>\n<ul class=\"sub-menu elementor-nav-menu--dropdown\">\n\t<li class=\"menu-item menu-item-type-post_type menu-item-object-page menu-item-5010\"><a href=\"https:\/\/totaltelas.com.br\/es\/pantallas-de-pvc-de-rejilla-total\/\" class=\"elementor-sub-item\">Cerco Perimetral Panel Total Telas PVC.<\/a><\/li>\n\t<li class=\"menu-item menu-item-type-post_type menu-item-object-page menu-item-5011\"><a href=\"https:\/\/totaltelas.com.br\/es\/pantallas-de-poliester-de-rejilla-total\/\" class=\"elementor-sub-item\">Cerco Perimetral Panelpol Total Telas de poli\u00e9ster<\/a><\/li>\n\t<li class=\"menu-item menu-item-type-post_type menu-item-object-page menu-item-5012\"><a href=\"https:\/\/totaltelas.com.br\/es\/rejilla-nr12-de-la-industria-total\/\" class=\"elementor-sub-item\">Cerco Perimetral Panel NR12 Total industry<\/a><\/li>\n\t<li class=\"menu-item menu-item-type-post_type menu-item-object-page menu-item-5013\"><a href=\"https:\/\/totaltelas.com.br\/es\/cerco-perimetral-panel-especial\/\" class=\"elementor-sub-item\">Cerco Perimetral Panel especial<\/a><\/li>\n<\/ul>\n<\/li>\n<li class=\"menu-item menu-item-type-post_type menu-item-object-page menu-item-has-children menu-item-5014\"><a href=\"https:\/\/totaltelas.com.br\/es\/pantallas-y-vallas\/\" class=\"elementor-item\">Mallas y mallas de alambre.<\/a>\n<ul class=\"sub-menu elementor-nav-menu--dropdown\">\n\t<li class=\"menu-item menu-item-type-post_type menu-item-object-page menu-item-5015\"><a href=\"https:\/\/totaltelas.com.br\/es\/pantallas-de-vallas-galvanizadas\/\" class=\"elementor-sub-item\">Malla de Alambre galvanizadas<\/a><\/li>\n\t<li class=\"menu-item menu-item-type-post_type menu-item-object-page menu-item-5016\"><a href=\"https:\/\/totaltelas.com.br\/es\/pantallas-de-valla-galvanizadas-recubiertas-de-pvc\/\" class=\"elementor-sub-item\">Mallas de Alambre Galvanizado Revestidas en PVC.<\/a><\/li>\n\t<li class=\"menu-item menu-item-type-post_type menu-item-object-page menu-item-5017\"><a href=\"https:\/\/totaltelas.com.br\/es\/tejido-soldado-recubierto-de-pvc\/\" class=\"elementor-sub-item\">Malla Soldada Revestida en PVC.<\/a><\/li>\n\t<li class=\"menu-item menu-item-type-post_type menu-item-object-page menu-item-5018\"><a href=\"https:\/\/totaltelas.com.br\/es\/malla-soldada-galvanizada\/\" class=\"elementor-sub-item\">Malla soldada galvanizada<\/a><\/li>\n<\/ul>\n<\/li>\n<li class=\"menu-item menu-item-type-post_type menu-item-object-page menu-item-has-children menu-item-5019\"><a href=\"https:\/\/totaltelas.com.br\/es\/cables\/\" class=\"elementor-item\">Cables<\/a>\n<ul class=\"sub-menu elementor-nav-menu--dropdown\">\n\t<li class=\"menu-item menu-item-type-post_type menu-item-object-page menu-item-5020\"><a href=\"https:\/\/totaltelas.com.br\/es\/alambre-galvanizado\/\" class=\"elementor-sub-item\">Alambre galvanizado<\/a><\/li>\n\t<li class=\"menu-item menu-item-type-post_type menu-item-object-page menu-item-5021\"><a href=\"https:\/\/totaltelas.com.br\/es\/alambre-galvanizado-recubierto-de-pvc\/\" class=\"elementor-sub-item\">Alambre galvanizado recubierto de PVC<\/a><\/li>\n\t<li class=\"menu-item menu-item-type-post_type menu-item-object-page menu-item-5022\"><a href=\"https:\/\/totaltelas.com.br\/es\/alambre-de-puas\/\" class=\"elementor-sub-item\">Alambre de p\u00faas<\/a><\/li>\n<\/ul>\n<\/li>\n<li class=\"menu-item menu-item-type-post_type menu-item-object-page menu-item-has-children menu-item-5023\"><a href=\"https:\/\/totaltelas.com.br\/es\/portones\/\" class=\"elementor-item\">Portones<\/a>\n<ul class=\"sub-menu elementor-nav-menu--dropdown\">\n\t<li class=\"menu-item menu-item-type-post_type menu-item-object-page menu-item-5024\"><a href=\"https:\/\/totaltelas.com.br\/es\/sistema-de-compuerta-multihoja\/\" class=\"elementor-sub-item\">Port\u00f3n Sistema de M\u00faltiples Hojas.<\/a><\/li>\n\t<li class=\"menu-item menu-item-type-post_type menu-item-object-page menu-item-5025\"><a href=\"https:\/\/totaltelas.com.br\/es\/puerta-pivotante\/\" class=\"elementor-sub-item\">Porton pivotante<\/a><\/li>\n\t<li class=\"menu-item menu-item-type-post_type menu-item-object-page menu-item-5026\"><a href=\"https:\/\/totaltelas.com.br\/es\/puerta-corredera-basculante-sistema-sin-rieles\/\" class=\"elementor-sub-item\">Port\u00f3n Corredizo A\u00e9reo &#8211; Sistema sin rieles.<\/a><\/li>\n\t<li class=\"menu-item menu-item-type-post_type menu-item-object-page menu-item-5027\"><a href=\"https:\/\/totaltelas.com.br\/es\/puerta-corredera\/\" class=\"elementor-sub-item\">Puerta corredera<\/a><\/li>\n<\/ul>\n<\/li>\n<li class=\"menu-item wpml-ls-slot-10 wpml-ls-item wpml-ls-item-pt-br wpml-ls-menu-item wpml-ls-first-item menu-item-type-wpml_ls_menu_item menu-item-object-wpml_ls_menu_item menu-item-wpml-ls-10-pt-br\"><a href=\"https:\/\/totaltelas.com.br\" class=\"elementor-item\"><img decoding=\"async\"\n            class=\"wpml-ls-flag\"\n            src=\"https:\/\/totaltelas.com.br\/wp-content\/plugins\/sitepress-multilingual-cms\/res\/flags\/pt-br.svg\"\n            alt=\"Portugu\u00e9s, Brasil\"\n            \n            \n    \/><\/a><\/li>\n<li class=\"menu-item wpml-ls-slot-10 wpml-ls-item wpml-ls-item-es wpml-ls-current-language wpml-ls-menu-item menu-item-type-wpml_ls_menu_item menu-item-object-wpml_ls_menu_item menu-item-wpml-ls-10-es\"><a href=\"https:\/\/totaltelas.com.br\/es\/\" class=\"elementor-item\"><img decoding=\"async\"\n            class=\"wpml-ls-flag\"\n            src=\"https:\/\/totaltelas.com.br\/wp-content\/plugins\/sitepress-multilingual-cms\/res\/flags\/es.svg\"\n            alt=\"Espa\u00f1ol\"\n            \n            \n    \/><\/a><\/li>\n<li class=\"menu-item wpml-ls-slot-10 wpml-ls-item wpml-ls-item-en wpml-ls-menu-item wpml-ls-last-item menu-item-type-wpml_ls_menu_item menu-item-object-wpml_ls_menu_item menu-item-wpml-ls-10-en\"><a href=\"https:\/\/totaltelas.com.br\/en\/\" class=\"elementor-item\"><img decoding=\"async\"\n            class=\"wpml-ls-flag\"\n            src=\"https:\/\/totaltelas.com.br\/wp-content\/plugins\/sitepress-multilingual-cms\/res\/flags\/en.svg\"\n            alt=\"Ingl\u00e9s\"\n            \n            \n    \/><\/a><\/li>\n<\/ul>\t\t\t<\/nav>\n\t\t\t\t\t\t<nav class=\"elementor-nav-menu--dropdown elementor-nav-menu__container\" aria-hidden=\"true\">\n\t\t\t\t<ul id=\"menu-2-b99dfac\" class=\"elementor-nav-menu\"><li class=\"menu-item menu-item-type-post_type menu-item-object-page menu-item-4989\"><a href=\"https:\/\/totaltelas.com.br\/es\/bienes\/\" class=\"elementor-item\" tabindex=\"-1\">productos<\/a><\/li>\n<li class=\"menu-item menu-item-type-post_type menu-item-object-page menu-item-has-children menu-item-5009\"><a href=\"https:\/\/totaltelas.com.br\/es\/cribas-de-rejilla-total\/\" class=\"elementor-item\" tabindex=\"-1\">Cerco Perimetral Panel Total Telas.<\/a>\n<ul class=\"sub-menu elementor-nav-menu--dropdown\">\n\t<li class=\"menu-item menu-item-type-post_type menu-item-object-page menu-item-5010\"><a href=\"https:\/\/totaltelas.com.br\/es\/pantallas-de-pvc-de-rejilla-total\/\" class=\"elementor-sub-item\" tabindex=\"-1\">Cerco Perimetral Panel Total Telas PVC.<\/a><\/li>\n\t<li class=\"menu-item menu-item-type-post_type menu-item-object-page menu-item-5011\"><a href=\"https:\/\/totaltelas.com.br\/es\/pantallas-de-poliester-de-rejilla-total\/\" class=\"elementor-sub-item\" tabindex=\"-1\">Cerco Perimetral Panelpol Total Telas de poli\u00e9ster<\/a><\/li>\n\t<li class=\"menu-item menu-item-type-post_type menu-item-object-page menu-item-5012\"><a href=\"https:\/\/totaltelas.com.br\/es\/rejilla-nr12-de-la-industria-total\/\" class=\"elementor-sub-item\" tabindex=\"-1\">Cerco Perimetral Panel NR12 Total industry<\/a><\/li>\n\t<li class=\"menu-item menu-item-type-post_type menu-item-object-page menu-item-5013\"><a href=\"https:\/\/totaltelas.com.br\/es\/cerco-perimetral-panel-especial\/\" class=\"elementor-sub-item\" tabindex=\"-1\">Cerco Perimetral Panel especial<\/a><\/li>\n<\/ul>\n<\/li>\n<li class=\"menu-item menu-item-type-post_type menu-item-object-page menu-item-has-children menu-item-5014\"><a href=\"https:\/\/totaltelas.com.br\/es\/pantallas-y-vallas\/\" class=\"elementor-item\" tabindex=\"-1\">Mallas y mallas de alambre.<\/a>\n<ul class=\"sub-menu elementor-nav-menu--dropdown\">\n\t<li class=\"menu-item menu-item-type-post_type menu-item-object-page menu-item-5015\"><a href=\"https:\/\/totaltelas.com.br\/es\/pantallas-de-vallas-galvanizadas\/\" class=\"elementor-sub-item\" tabindex=\"-1\">Malla de Alambre galvanizadas<\/a><\/li>\n\t<li class=\"menu-item menu-item-type-post_type menu-item-object-page menu-item-5016\"><a href=\"https:\/\/totaltelas.com.br\/es\/pantallas-de-valla-galvanizadas-recubiertas-de-pvc\/\" class=\"elementor-sub-item\" tabindex=\"-1\">Mallas de Alambre Galvanizado Revestidas en PVC.<\/a><\/li>\n\t<li class=\"menu-item menu-item-type-post_type menu-item-object-page menu-item-5017\"><a href=\"https:\/\/totaltelas.com.br\/es\/tejido-soldado-recubierto-de-pvc\/\" class=\"elementor-sub-item\" tabindex=\"-1\">Malla Soldada Revestida en PVC.<\/a><\/li>\n\t<li class=\"menu-item menu-item-type-post_type menu-item-object-page menu-item-5018\"><a href=\"https:\/\/totaltelas.com.br\/es\/malla-soldada-galvanizada\/\" class=\"elementor-sub-item\" tabindex=\"-1\">Malla soldada galvanizada<\/a><\/li>\n<\/ul>\n<\/li>\n<li class=\"menu-item menu-item-type-post_type menu-item-object-page menu-item-has-children menu-item-5019\"><a href=\"https:\/\/totaltelas.com.br\/es\/cables\/\" class=\"elementor-item\" tabindex=\"-1\">Cables<\/a>\n<ul class=\"sub-menu elementor-nav-menu--dropdown\">\n\t<li class=\"menu-item menu-item-type-post_type menu-item-object-page menu-item-5020\"><a href=\"https:\/\/totaltelas.com.br\/es\/alambre-galvanizado\/\" class=\"elementor-sub-item\" tabindex=\"-1\">Alambre galvanizado<\/a><\/li>\n\t<li class=\"menu-item menu-item-type-post_type menu-item-object-page menu-item-5021\"><a href=\"https:\/\/totaltelas.com.br\/es\/alambre-galvanizado-recubierto-de-pvc\/\" class=\"elementor-sub-item\" tabindex=\"-1\">Alambre galvanizado recubierto de PVC<\/a><\/li>\n\t<li class=\"menu-item menu-item-type-post_type menu-item-object-page menu-item-5022\"><a href=\"https:\/\/totaltelas.com.br\/es\/alambre-de-puas\/\" class=\"elementor-sub-item\" tabindex=\"-1\">Alambre de p\u00faas<\/a><\/li>\n<\/ul>\n<\/li>\n<li class=\"menu-item menu-item-type-post_type menu-item-object-page menu-item-has-children menu-item-5023\"><a href=\"https:\/\/totaltelas.com.br\/es\/portones\/\" class=\"elementor-item\" tabindex=\"-1\">Portones<\/a>\n<ul class=\"sub-menu elementor-nav-menu--dropdown\">\n\t<li class=\"menu-item menu-item-type-post_type menu-item-object-page menu-item-5024\"><a href=\"https:\/\/totaltelas.com.br\/es\/sistema-de-compuerta-multihoja\/\" class=\"elementor-sub-item\" tabindex=\"-1\">Port\u00f3n Sistema de M\u00faltiples Hojas.<\/a><\/li>\n\t<li class=\"menu-item menu-item-type-post_type menu-item-object-page menu-item-5025\"><a href=\"https:\/\/totaltelas.com.br\/es\/puerta-pivotante\/\" class=\"elementor-sub-item\" tabindex=\"-1\">Porton pivotante<\/a><\/li>\n\t<li class=\"menu-item menu-item-type-post_type menu-item-object-page menu-item-5026\"><a href=\"https:\/\/totaltelas.com.br\/es\/puerta-corredera-basculante-sistema-sin-rieles\/\" class=\"elementor-sub-item\" tabindex=\"-1\">Port\u00f3n Corredizo A\u00e9reo &#8211; Sistema sin rieles.<\/a><\/li>\n\t<li class=\"menu-item menu-item-type-post_type menu-item-object-page menu-item-5027\"><a href=\"https:\/\/totaltelas.com.br\/es\/puerta-corredera\/\" class=\"elementor-sub-item\" tabindex=\"-1\">Puerta corredera<\/a><\/li>\n<\/ul>\n<\/li>\n<li class=\"menu-item wpml-ls-slot-10 wpml-ls-item wpml-ls-item-pt-br wpml-ls-menu-item wpml-ls-first-item menu-item-type-wpml_ls_menu_item menu-item-object-wpml_ls_menu_item menu-item-wpml-ls-10-pt-br\"><a href=\"https:\/\/totaltelas.com.br\" class=\"elementor-item\" tabindex=\"-1\"><img decoding=\"async\"\n            class=\"wpml-ls-flag\"\n            src=\"https:\/\/totaltelas.com.br\/wp-content\/plugins\/sitepress-multilingual-cms\/res\/flags\/pt-br.svg\"\n            alt=\"Portugu\u00e9s, Brasil\"\n            \n            \n    \/><\/a><\/li>\n<li class=\"menu-item wpml-ls-slot-10 wpml-ls-item wpml-ls-item-es wpml-ls-current-language wpml-ls-menu-item menu-item-type-wpml_ls_menu_item menu-item-object-wpml_ls_menu_item menu-item-wpml-ls-10-es\"><a href=\"https:\/\/totaltelas.com.br\/es\/\" class=\"elementor-item\" tabindex=\"-1\"><img decoding=\"async\"\n            class=\"wpml-ls-flag\"\n            src=\"https:\/\/totaltelas.com.br\/wp-content\/plugins\/sitepress-multilingual-cms\/res\/flags\/es.svg\"\n            alt=\"Espa\u00f1ol\"\n            \n            \n    \/><\/a><\/li>\n<li class=\"menu-item wpml-ls-slot-10 wpml-ls-item wpml-ls-item-en wpml-ls-menu-item wpml-ls-last-item menu-item-type-wpml_ls_menu_item menu-item-object-wpml_ls_menu_item menu-item-wpml-ls-10-en\"><a href=\"https:\/\/totaltelas.com.br\/en\/\" class=\"elementor-item\" tabindex=\"-1\"><img decoding=\"async\"\n            class=\"wpml-ls-flag\"\n            src=\"https:\/\/totaltelas.com.br\/wp-content\/plugins\/sitepress-multilingual-cms\/res\/flags\/en.svg\"\n            alt=\"Ingl\u00e9s\"\n            \n            \n    \/><\/a><\/li>\n<\/ul>\t\t\t<\/nav>\n\t\t\t\t\t\t<\/div>\n\t\t\t\t<\/div>\n\t\t\t\t\t<\/div>\n\t\t<\/div>\n\t\t\t\t\t<\/div>\n\t\t<\/section>\n\t\t\t\t<\/div>\n\t\t","protected":false},"excerpt":{"rendered":"<p>Home Produtos \/ Gradil Gradil Total telas pvc gradil pvc gradil pvc para uso residencial, comercial e industrial O Gradil Total Telas PVC \u00e9 a escolha mais moderna e eficiente para cercamentos, com tecnologia de ponta e alta qualidade que garantem prote\u00e7\u00e3o completa para o seu espa\u00e7o. Or\u00e7amento Especifica\u00e7\u00f5es Detalhes Aplica\u00e7\u00f5es Sugeridas Cor: Verde e [&hellip;]<\/p>\n","protected":false},"author":3,"featured_media":0,"parent":0,"menu_order":0,"comment_status":"closed","ping_status":"closed","template":"elementor_header_footer","meta":{"footnotes":""},"class_list":["post-4548","page","type-page","status-publish","hentry"],"_links":{"self":[{"href":"https:\/\/totaltelas.com.br\/es\/wp-json\/wp\/v2\/pages\/4548","targetHints":{"allow":["GET"]}}],"collection":[{"href":"https:\/\/totaltelas.com.br\/es\/wp-json\/wp\/v2\/pages"}],"about":[{"href":"https:\/\/totaltelas.com.br\/es\/wp-json\/wp\/v2\/types\/page"}],"author":[{"embeddable":true,"href":"https:\/\/totaltelas.com.br\/es\/wp-json\/wp\/v2\/users\/3"}],"replies":[{"embeddable":true,"href":"https:\/\/totaltelas.com.br\/es\/wp-json\/wp\/v2\/comments?post=4548"}],"version-history":[{"count":14,"href":"https:\/\/totaltelas.com.br\/es\/wp-json\/wp\/v2\/pages\/4548\/revisions"}],"predecessor-version":[{"id":5423,"href":"https:\/\/totaltelas.com.br\/es\/wp-json\/wp\/v2\/pages\/4548\/revisions\/5423"}],"wp:attachment":[{"href":"https:\/\/totaltelas.com.br\/es\/wp-json\/wp\/v2\/media?parent=4548"}],"curies":[{"name":"wp","href":"https:\/\/api.w.org\/{rel}","templated":true}]}}